{"id":1889,"date":"2022-12-01T16:09:30","date_gmt":"2022-12-01T15:09:30","guid":{"rendered":"http:\/\/dev.jonsac.com\/?page_id=1889"},"modified":"2023-08-22T09:37:01","modified_gmt":"2023-08-22T09:37:01","slug":"flat-e-com-bag","status":"publish","type":"page","link":"https:\/\/www.jonsac.com\/se\/flat-e-com-bag\/","title":{"rendered":"Flat e-com bag"},"content":{"rendered":"<p>[et_pb_section fb_built=&#8221;1&#8243; _builder_version=&#8221;4.19.0&#8243; _module_preset=&#8221;default&#8221; background_image=&#8221;http:\/\/www.jonsac.com\/wp-content\/uploads\/2022\/12\/764045.png&#8221; custom_padding=&#8221;40px||0px|||&#8221; global_colors_info=&#8221;{}&#8221;][et_pb_row column_structure=&#8221;1_2,1_2&#8243; _builder_version=&#8221;4.19.0&#8243; _module_preset=&#8221;default&#8221; custom_margin=&#8221;|auto|0px|auto||&#8221; custom_padding=&#8221;9px||33px|||&#8221; global_colors_info=&#8221;{}&#8221;][et_pb_column type=&#8221;1_2&#8243; _builder_version=&#8221;4.19.0&#8243; _module_preset=&#8221;default&#8221; global_colors_info=&#8221;{}&#8221;][et_pb_text _builder_version=&#8221;4.19.0&#8243; _module_preset=&#8221;default&#8221; text_font_size=&#8221;16px&#8221; custom_padding=&#8221;||32px|||&#8221; animation_style=&#8221;flip&#8221; global_colors_info=&#8221;{}&#8221;]<\/p>\n<h1 style=\"text-align: left;\"><span style=\"font-size: x-large; color: #4f4f4f;\"><strong>FLAT E-COM BAG<\/strong><\/span><\/h1>\n<p style=\"text-align: left;\"><span style=\"color: #4f4f4f;\"><strong>V\u00e5ra e-handelsp\u00e5sar, i modell flatbag,<\/strong><\/span><br \/><span style=\"color: #4f4f4f;\"><strong>tillverkas med eller utan handtag samt<\/strong><\/span><br \/><span style=\"color: #4f4f4f;\"><strong>med en eller tv\u00e5 klisterremsor. Vi vet hur<\/strong><\/span><br \/><span style=\"color: #4f4f4f;\"><strong>viktigt det \u00e4r att p\u00e5sen klarar dagens krav<\/strong><\/span><br \/><span style=\"color: #4f4f4f;\"><strong>p\u00e5 hantering inom transport, och det<\/strong><\/span><br \/><span style=\"color: #4f4f4f;\"><strong>finns d\u00e4rf\u00f6r m\u00e5nga valm\u00f6jligheter f\u00f6r att<\/strong><\/span><br \/><span style=\"color: #4f4f4f;\"><strong>uppfylla din verksamhets behov.<\/strong><\/span><\/p>\n<p style=\"text-align: left;\"><span style=\"color: #4f4f4f;\"><strong>P\u00e5sarna produceras i marknadens<\/strong><\/span><br \/><span style=\"color: #4f4f4f;\"><strong>starkaste papperskvalit\u00e9er<\/strong><\/span><span style=\"color: #4f4f4f;\"><strong>.<br \/><\/strong><\/span><\/p>\n<p style=\"text-align: left;\"><span style=\"color: #4f4f4f;\"><strong>Vi anv\u00e4nder oss av papper med<\/strong><\/span><br \/><span style=\"color: #4f4f4f;\"><strong>100 gram \/ m2 , och trycker<\/strong><\/span><br \/><span style=\"color: #ffffff;\"><span style=\"color: #4f4f4f;\"><strong>med vattenbaserade f\u00e4rger.<\/strong><\/span><strong><\/strong><\/span><\/p>\n<p>[\/et_pb_text][\/et_pb_column][et_pb_column type=&#8221;1_2&#8243; _builder_version=&#8221;4.19.0&#8243; _module_preset=&#8221;default&#8221; global_colors_info=&#8221;{}&#8221;][\/et_pb_column][\/et_pb_row][et_pb_row _builder_version=&#8221;4.19.0&#8243; _module_preset=&#8221;default&#8221; global_colors_info=&#8221;{}&#8221;][et_pb_column type=&#8221;4_4&#8243; _builder_version=&#8221;4.19.0&#8243; _module_preset=&#8221;default&#8221; global_colors_info=&#8221;{}&#8221;][\/et_pb_column][\/et_pb_row][\/et_pb_section][et_pb_section fb_built=&#8221;1&#8243; _builder_version=&#8221;4.19.0&#8243; _module_preset=&#8221;default&#8221; background_color=&#8221;#b2bdc1&#8243; background_image=&#8221;http:\/\/www.jonsac.com\/wp-content\/uploads\/2022\/11\/trad.jpg&#8221; width=&#8221;100%&#8221; custom_padding=&#8221;36px||0px|||&#8221; global_colors_info=&#8221;{}&#8221;][et_pb_row _builder_version=&#8221;4.19.0&#8243; _module_preset=&#8221;default&#8221; custom_padding=&#8221;0px|||||&#8221; global_colors_info=&#8221;{}&#8221;][et_pb_column type=&#8221;4_4&#8243; _builder_version=&#8221;4.19.0&#8243; _module_preset=&#8221;default&#8221; global_colors_info=&#8221;{}&#8221;][et_pb_divider color=&#8221;#4f4f4f&#8221; _builder_version=&#8221;4.19.0&#8243; _module_preset=&#8221;default&#8221; global_colors_info=&#8221;{}&#8221;][\/et_pb_divider][et_pb_text _builder_version=&#8221;4.19.0&#8243; _module_preset=&#8221;default&#8221; text_font_size=&#8221;16px&#8221; global_colors_info=&#8221;{}&#8221;]<\/p>\n<h3><span style=\"color: #4f4f4f\"><strong>V\u00c5RA FLATBAGS<\/strong><\/span><\/h3>\n<p><strong><\/strong>V\u00e5ra flatbags tillverkas i tjockleken 100 gsm och kan f\u00e5s med 1-2 tejpremsor och med eller utan handtag.<br \/><strong><br \/>Standardstorlekar f\u00f6r v\u00e5ra flatbags \u00e4r:<\/strong><br \/>Bredd: 230 mm &#8211; 800 mm<br \/>H\u00f6jd: 290 mm &#8211; 540 mm<br \/>Botten: 0 &#8211; 200 mm<\/p>\n<p><strong><\/strong><\/p>\n<p>[\/et_pb_text][\/et_pb_column][\/et_pb_row][et_pb_row column_structure=&#8221;1_3,1_3,1_3&#8243; _builder_version=&#8221;4.19.0&#8243; _module_preset=&#8221;default&#8221; min_height=&#8221;162.6px&#8221; custom_margin=&#8221;-29px|auto||auto||&#8221; custom_padding=&#8221;4px||19px|||&#8221; global_colors_info=&#8221;{}&#8221;][et_pb_column type=&#8221;1_3&#8243; _builder_version=&#8221;4.19.0&#8243; _module_preset=&#8221;default&#8221; global_colors_info=&#8221;{}&#8221;][et_pb_image src=&#8221;http:\/\/www.jonsac.com\/wp-content\/uploads\/2022\/12\/764039-1.png&#8221; title_text=&#8221;764039-1&#8243; _builder_version=&#8221;4.19.0&#8243; _module_preset=&#8221;default&#8221; global_colors_info=&#8221;{}&#8221;][\/et_pb_image][\/et_pb_column][et_pb_column type=&#8221;1_3&#8243; _builder_version=&#8221;4.19.0&#8243; _module_preset=&#8221;default&#8221; global_colors_info=&#8221;{}&#8221;][et_pb_image src=&#8221;http:\/\/www.jonsac.com\/wp-content\/uploads\/2022\/12\/976437.png&#8221; title_text=&#8221;976437&#8243; _builder_version=&#8221;4.19.0&#8243; _module_preset=&#8221;default&#8221; global_colors_info=&#8221;{}&#8221;][\/et_pb_image][\/et_pb_column][et_pb_column type=&#8221;1_3&#8243; _builder_version=&#8221;4.19.0&#8243; _module_preset=&#8221;default&#8221; global_colors_info=&#8221;{}&#8221;][et_pb_image src=&#8221;http:\/\/www.jonsac.com\/wp-content\/uploads\/2022\/12\/764045.png&#8221; title_text=&#8221;764045&#8243; _builder_version=&#8221;4.19.0&#8243; _module_preset=&#8221;default&#8221; global_colors_info=&#8221;{}&#8221;][\/et_pb_image][\/et_pb_column][\/et_pb_row][et_pb_row _builder_version=&#8221;4.19.0&#8243; _module_preset=&#8221;default&#8221; global_colors_info=&#8221;{}&#8221;][et_pb_column type=&#8221;4_4&#8243; _builder_version=&#8221;4.19.0&#8243; _module_preset=&#8221;default&#8221; global_colors_info=&#8221;{}&#8221;][\/et_pb_column][\/et_pb_row][\/et_pb_section][et_pb_section fb_built=&#8221;1&#8243; _builder_version=&#8221;4.19.0&#8243; _module_preset=&#8221;default&#8221; background_enable_color=&#8221;off&#8221; background_image=&#8221;http:\/\/dev.jonsac.com\/wp-content\/uploads\/2022\/11\/trad.jpg&#8221; width=&#8221;100%&#8221; min_height=&#8221;1355px&#8221; custom_margin=&#8221;-13px|||||&#8221; custom_padding=&#8221;26px||24px|||&#8221; global_colors_info=&#8221;{}&#8221;][et_pb_row _builder_version=&#8221;4.19.0&#8243; _module_preset=&#8221;default&#8221; custom_padding=&#8221;0px|||||&#8221; global_colors_info=&#8221;{}&#8221;][et_pb_column type=&#8221;4_4&#8243; _builder_version=&#8221;4.19.0&#8243; _module_preset=&#8221;default&#8221; global_colors_info=&#8221;{}&#8221;][et_pb_divider color=&#8221;#4f4f4f&#8221; _builder_version=&#8221;4.19.0&#8243; _module_preset=&#8221;default&#8221; custom_margin=&#8221;||20px|||&#8221; global_colors_info=&#8221;{}&#8221;][\/et_pb_divider][et_pb_text _builder_version=&#8221;4.19.0&#8243; _module_preset=&#8221;default&#8221; custom_margin=&#8221;||-9px|||&#8221; global_colors_info=&#8221;{}&#8221;]<\/p>\n<h3><strong>VARIANTER FLATBAGS<\/strong><strong><\/strong><\/h3>\n<p><strong><\/strong><\/p>\n<p>[\/et_pb_text][\/et_pb_column][\/et_pb_row][et_pb_row admin_label=&#8221;row&#8221; _builder_version=&#8221;4.16&#8243; background_size=&#8221;initial&#8221; background_position=&#8221;top_left&#8221; background_repeat=&#8221;repeat&#8221; custom_padding=&#8221;0px|||||&#8221; global_colors_info=&#8221;{}&#8221;][et_pb_column type=&#8221;4_4&#8243; _builder_version=&#8221;4.16&#8243; custom_padding=&#8221;|||&#8221; global_colors_info=&#8221;{}&#8221; custom_padding__hover=&#8221;|||&#8221;][et_pb_image src=&#8221;http:\/\/www.jonsac.com\/wp-content\/uploads\/2022\/12\/Flatbags-storlekar.png&#8221; title_text=&#8221;Flatbags storlekar&#8221; align=&#8221;center&#8221; _builder_version=&#8221;4.19.0&#8243; _module_preset=&#8221;default&#8221; global_colors_info=&#8221;{}&#8221;][\/et_pb_image][et_pb_divider color=&#8221;#4f4f4f&#8221; divider_style=&#8221;double&#8221; divider_position=&#8221;center&#8221; _builder_version=&#8221;4.19.0&#8243; _module_preset=&#8221;default&#8221; custom_margin=&#8221;-31px|||||&#8221; global_colors_info=&#8221;{}&#8221;][\/et_pb_divider][\/et_pb_column][\/et_pb_row][et_pb_row _builder_version=&#8221;4.19.0&#8243; _module_preset=&#8221;default&#8221; custom_padding=&#8221;0px|||||&#8221; global_colors_info=&#8221;{}&#8221;][et_pb_column type=&#8221;4_4&#8243; _builder_version=&#8221;4.19.0&#8243; _module_preset=&#8221;default&#8221; global_colors_info=&#8221;{}&#8221;][et_pb_text _builder_version=&#8221;4.19.0&#8243; _module_preset=&#8221;default&#8221; text_font_size=&#8221;12px&#8221; global_colors_info=&#8221;{}&#8221;]<\/p>\n<h3><strong>SVENSKTILLVERKADE E-HANDELSP\u00c5SAR F\u00d6R NUTIDENS OCH FRAMTIDENS E-HANDEL<\/strong><\/h3>\n<p><strong><\/strong><\/p>\n<p>[\/et_pb_text][\/et_pb_column][\/et_pb_row][et_pb_row column_structure=&#8221;1_4,1_4,1_4,1_4&#8243; _builder_version=&#8221;4.19.0&#8243; _module_preset=&#8221;default&#8221; custom_margin=&#8221;|auto|-25px|auto||&#8221; custom_padding=&#8221;0px|||||&#8221; global_colors_info=&#8221;{}&#8221;][et_pb_column type=&#8221;1_4&#8243; _builder_version=&#8221;4.19.0&#8243; _module_preset=&#8221;default&#8221; border_style_all=&#8221;none&#8221; border_width_top=&#8221;1px&#8221; border_color_top=&#8221;#accee2&#8243; global_colors_info=&#8221;{}&#8221;][et_pb_icon font_icon=&#8221;&#xf1bb;||fa||900&#8243; icon_color=&#8221;#007cc2&#8243; icon_width=&#8221;60px&#8221; _builder_version=&#8221;4.19.0&#8243; _module_preset=&#8221;default&#8221; global_colors_info=&#8221;{}&#8221;][\/et_pb_icon][et_pb_text _builder_version=&#8221;4.19.0&#8243; _module_preset=&#8221;default&#8221; custom_padding=&#8221;||27px|||&#8221; hover_enabled=&#8221;0&#8243; global_colors_info=&#8221;{}&#8221; sticky_enabled=&#8221;0&#8243;]<\/p>\n<p style=\"text-align: center;\">FSC\u00ae-certifierad tr\u00e4r\u00e5vara<br \/>FSC-C173006 <\/p>\n<p>[\/et_pb_text][\/et_pb_column][et_pb_column type=&#8221;1_4&#8243; _builder_version=&#8221;4.19.0&#8243; _module_preset=&#8221;default&#8221; global_colors_info=&#8221;{}&#8221;][et_pb_icon font_icon=&#8221;&#xe013;||divi||400&#8243; icon_color=&#8221;#007cc2&#8243; icon_width=&#8221;60px&#8221; _builder_version=&#8221;4.19.0&#8243; _module_preset=&#8221;default&#8221; global_colors_info=&#8221;{}&#8221;][\/et_pb_icon][et_pb_text _builder_version=&#8221;4.19.0&#8243; _module_preset=&#8221;default&#8221; global_colors_info=&#8221;{}&#8221;]<\/p>\n<p style=\"text-align: center\">Fibrer fr\u00e5n l\u00e5ngsamt v\u00e4xande skog ger ett tunt men starkt material\u00a0<\/p>\n<p>[\/et_pb_text][\/et_pb_column][et_pb_column type=&#8221;1_4&#8243; _builder_version=&#8221;4.19.0&#8243; _module_preset=&#8221;default&#8221; global_colors_info=&#8221;{}&#8221;][et_pb_icon font_icon=&#8221;&#xf06c;||fa||900&#8243; icon_color=&#8221;#007cc2&#8243; icon_width=&#8221;60px&#8221; _builder_version=&#8221;4.19.0&#8243; _module_preset=&#8221;default&#8221; global_colors_info=&#8221;{}&#8221;][\/et_pb_icon][et_pb_text _builder_version=&#8221;4.19.0&#8243; _module_preset=&#8221;default&#8221; global_colors_info=&#8221;{}&#8221;]<\/p>\n<p style=\"text-align: center\">Skogen absorberar CO2 n\u00e4r den v\u00e4xer vilket s\u00e4nker koldioxidavtrycket. F\u00f6r varje f\u00e4llt tr\u00e4d planteras tre nya<\/p>\n<p>[\/et_pb_text][\/et_pb_column][et_pb_column type=&#8221;1_4&#8243; _builder_version=&#8221;4.19.0&#8243; _module_preset=&#8221;default&#8221; global_colors_info=&#8221;{}&#8221;][et_pb_icon font_icon=&#8221;&#xf275;||fa||900&#8243; icon_color=&#8221;#007cc2&#8243; icon_width=&#8221;60px&#8221; _builder_version=&#8221;4.19.0&#8243; _module_preset=&#8221;default&#8221; global_colors_info=&#8221;{}&#8221;][\/et_pb_icon][et_pb_text _builder_version=&#8221;4.19.0&#8243; _module_preset=&#8221;default&#8221; global_colors_info=&#8221;{}&#8221;]<\/p>\n<p style=\"text-align: center\">V\u00e5r fabrik \u00e4r lokaliserad mitt i Sverige vilket ger bra r\u00e4ckvidd<\/p>\n<p>[\/et_pb_text][\/et_pb_column][\/et_pb_row][et_pb_row column_structure=&#8221;1_4,1_4,1_4,1_4&#8243; _builder_version=&#8221;4.19.0&#8243; _module_preset=&#8221;default&#8221; min_height=&#8221;162.6px&#8221; custom_padding=&#8221;||13px|||&#8221; global_colors_info=&#8221;{}&#8221;][et_pb_column type=&#8221;1_4&#8243; _builder_version=&#8221;4.19.0&#8243; _module_preset=&#8221;default&#8221; global_colors_info=&#8221;{}&#8221;][et_pb_icon font_icon=&#8221;&#xe01f;||divi||400&#8243; icon_color=&#8221;#007cc2&#8243; icon_width=&#8221;60px&#8221; _builder_version=&#8221;4.19.0&#8243; _module_preset=&#8221;default&#8221; global_colors_info=&#8221;{}&#8221;][\/et_pb_icon][et_pb_text _builder_version=&#8221;4.19.0&#8243; _module_preset=&#8221;default&#8221; global_colors_info=&#8221;{}&#8221;]<\/p>\n<p style=\"text-align: center\">Korta avst\u00e5nd mellan v\u00e5r fabrik och\u00a0 pappersmassa-fabrik ger l\u00e4gre CO2-utsl\u00e4pp<\/p>\n<p>[\/et_pb_text][\/et_pb_column][et_pb_column type=&#8221;1_4&#8243; _builder_version=&#8221;4.19.0&#8243; _module_preset=&#8221;default&#8221; global_colors_info=&#8221;{}&#8221;][et_pb_icon font_icon=&#8221;&#xf576;||fa||900&#8243; icon_color=&#8221;#007cc2&#8243; icon_width=&#8221;60px&#8221; _builder_version=&#8221;4.19.0&#8243; _module_preset=&#8221;default&#8221; global_colors_info=&#8221;{}&#8221;][\/et_pb_icon][et_pb_text _builder_version=&#8221;4.19.0&#8243; _module_preset=&#8221;default&#8221; global_colors_info=&#8221;{}&#8221;]<\/p>\n<p style=\"text-align: center\">Vi trycker med vattenbaserade och biologiskt nedbrytbara f\u00e4rger.<\/p>\n<p>[\/et_pb_text][\/et_pb_column][et_pb_column type=&#8221;1_4&#8243; _builder_version=&#8221;4.19.0&#8243; _module_preset=&#8221;default&#8221; global_colors_info=&#8221;{}&#8221;][et_pb_icon font_icon=&#8221;&#xf0eb;||fa||400&#8243; icon_color=&#8221;#007cc2&#8243; icon_width=&#8221;60px&#8221; _builder_version=&#8221;4.19.0&#8243; _module_preset=&#8221;default&#8221; global_colors_info=&#8221;{}&#8221;][\/et_pb_icon][et_pb_text _builder_version=&#8221;4.19.0&#8243; _module_preset=&#8221;default&#8221; global_colors_info=&#8221;{}&#8221;]<\/p>\n<p style=\"text-align: center\">Vi anv\u00e4nder 100% gr\u00f6n el i v\u00e5r fabrik<\/p>\n<p>[\/et_pb_text][\/et_pb_column][et_pb_column type=&#8221;1_4&#8243; _builder_version=&#8221;4.19.0&#8243; _module_preset=&#8221;default&#8221; global_colors_info=&#8221;{}&#8221;][et_pb_icon font_icon=&#8221;&#xf295;||fa||900&#8243; icon_color=&#8221;#007cc2&#8243; icon_width=&#8221;60px&#8221; _builder_version=&#8221;4.19.0&#8243; _module_preset=&#8221;default&#8221; global_colors_info=&#8221;{}&#8221;][\/et_pb_icon][et_pb_text _builder_version=&#8221;4.19.0&#8243; _module_preset=&#8221;default&#8221; global_colors_info=&#8221;{}&#8221;]<\/p>\n<p style=\"text-align: center\">V\u00e5ra p\u00e5sar \u00e4r 100% biologiskt nedbrytbara<\/p>\n<p>[\/et_pb_text][\/et_pb_column][\/et_pb_row][\/et_pb_section][et_pb_section fb_built=&#8221;1&#8243; _builder_version=&#8221;4.19.0&#8243; _module_preset=&#8221;default&#8221; background_enable_color=&#8221;off&#8221; background_image=&#8221;http:\/\/www.jonsac.com\/wp-content\/uploads\/2022\/11\/trad.jpg&#8221; custom_margin=&#8221;-19px|||||&#8221; custom_padding=&#8221;15px||0px|||&#8221; global_colors_info=&#8221;{}&#8221;][et_pb_row _builder_version=&#8221;4.19.0&#8243; _module_preset=&#8221;default&#8221; custom_margin=&#8221;-27px|auto||auto||&#8221; custom_padding=&#8221;29px||0px|||&#8221; global_colors_info=&#8221;{}&#8221;][et_pb_column type=&#8221;4_4&#8243; _builder_version=&#8221;4.19.0&#8243; _module_preset=&#8221;default&#8221; global_colors_info=&#8221;{}&#8221;][et_pb_divider color=&#8221;#638f9b&#8221; divider_style=&#8221;double&#8221; divider_position=&#8221;center&#8221; _builder_version=&#8221;4.19.0&#8243; _module_preset=&#8221;default&#8221; custom_margin=&#8221;-31px|||||&#8221; global_colors_info=&#8221;{}&#8221;][\/et_pb_divider][\/et_pb_column][\/et_pb_row][et_pb_row _builder_version=&#8221;4.19.0&#8243; _module_preset=&#8221;default&#8221; custom_margin=&#8221;-59px|auto||auto||&#8221; custom_padding=&#8221;56px||0px|||&#8221; global_colors_info=&#8221;{}&#8221;][et_pb_column type=&#8221;4_4&#8243; _builder_version=&#8221;4.19.0&#8243; _module_preset=&#8221;default&#8221; global_colors_info=&#8221;{}&#8221;][et_pb_text _builder_version=&#8221;4.19.0&#8243; _module_preset=&#8221;default&#8221; global_colors_info=&#8221;{}&#8221;]<\/p>\n<p><span style=\"color: #4f4f4f\"><strong><span style=\"font-size: x-large\">\u00c4R DU INTRESSERAD AV ATT VETA MER ELLER HAR DU FR\u00c5GOR ELLER FUNDERINGAR?\u00a0<\/span><\/strong><\/span><\/p>\n<p><strong><span style=\"color: #4f4f4f;font-size: large\">V\u00e4lkommen att kontakta oss!\u00a0<\/span><\/strong><\/p>\n<h4 class=\"et_pb_module_header\"><span style=\"color: #4f4f4f\">Telefon: +46 (0)551-36550<\/span><\/h4>\n<h4 class=\"et_pb_module_header\"><span style=\"color: #4f4f4f\">E-mail: info@jonsac.se<\/span><\/h4>\n<p>&nbsp;<\/p>\n<p>[\/et_pb_text][\/et_pb_column][\/et_pb_row][et_pb_row _builder_version=&#8221;4.19.0&#8243; _module_preset=&#8221;default&#8221; global_colors_info=&#8221;{}&#8221;][et_pb_column type=&#8221;4_4&#8243; _builder_version=&#8221;4.19.0&#8243; _module_preset=&#8221;default&#8221; global_colors_info=&#8221;{}&#8221;][\/et_pb_column][\/et_pb_row][\/et_pb_section]<\/p>\n","protected":false},"excerpt":{"rendered":"<p>FLAT E-COM BAG V\u00e5ra e-handelsp\u00e5sar, i modell flatbag,tillverkas med eller utan handtag samtmed en eller tv\u00e5 klisterremsor. Vi vet hurviktigt det \u00e4r att p\u00e5sen klarar dagens kravp\u00e5 hantering inom transport, och detfinns d\u00e4rf\u00f6r m\u00e5nga valm\u00f6jligheter f\u00f6r attuppfylla din verksamhets behov. P\u00e5sarna produceras i marknadensstarkaste papperskvalit\u00e9er. Vi anv\u00e4nder oss av papper med100 gram \/ m2 , [&hellip;]<\/p>\n","protected":false},"author":2,"featured_media":0,"parent":0,"menu_order":0,"comment_status":"closed","ping_status":"closed","template":"","meta":{"_et_pb_use_builder":"on","_et_pb_old_content":"","_et_gb_content_width":"","_ti_tpc_template_sync":false,"_ti_tpc_template_id":"","footnotes":""},"class_list":["post-1889","page","type-page","status-publish","hentry"],"_links":{"self":[{"href":"https:\/\/www.jonsac.com\/se\/wp-json\/wp\/v2\/pages\/1889"}],"collection":[{"href":"https:\/\/www.jonsac.com\/se\/wp-json\/wp\/v2\/pages"}],"about":[{"href":"https:\/\/www.jonsac.com\/se\/wp-json\/wp\/v2\/types\/page"}],"author":[{"embeddable":true,"href":"https:\/\/www.jonsac.com\/se\/wp-json\/wp\/v2\/users\/2"}],"replies":[{"embeddable":true,"href":"https:\/\/www.jonsac.com\/se\/wp-json\/wp\/v2\/comments?post=1889"}],"version-history":[{"count":4,"href":"https:\/\/www.jonsac.com\/se\/wp-json\/wp\/v2\/pages\/1889\/revisions"}],"predecessor-version":[{"id":3542,"href":"https:\/\/www.jonsac.com\/se\/wp-json\/wp\/v2\/pages\/1889\/revisions\/3542"}],"wp:attachment":[{"href":"https:\/\/www.jonsac.com\/se\/wp-json\/wp\/v2\/media?parent=1889"}],"curies":[{"name":"wp","href":"https:\/\/api.w.org\/{rel}","templated":true}]}}